{"id":7,"date":"2022-12-15T23:01:48","date_gmt":"2022-12-15T23:01:48","guid":{"rendered":"https:\/\/survivant-e-s.lu\/?page_id=7"},"modified":"2026-04-10T11:16:38","modified_gmt":"2026-04-10T09:16:38","slug":"francais-accueil","status":"publish","type":"page","link":"https:\/\/survivant-e-s.lu\/en\/","title":{"rendered":"TOGETHER, LET&#8217;S BREAK THE SILENCE AROUND VIOLENCE!"},"content":{"rendered":"<h4 class=\"wp-block-heading\">WHO ARE WE?<\/h4>\n\n\n\n<p>The association was created in August 2022. It brings together survivors of sexual, gender-based, physical or psychological violence, as well as sympathetic members who support our cause.<\/p>\n\n\n\n<h4 class=\"wp-block-heading\">OUR ASSOCIATION IS WORKING TO:<\/h4>\n\n\n\n<ul class=\"wp-block-list\">\n<li>break the taboos surrounding sexual, gender-based, physical and psychological violence<\/li>\n\n\n\n<li>reach out to isolated victims and refer them to professional services<\/li>\n\n\n\n<li>give a voice to those who have none by intervening in the legislative process and decision-making bodies<\/li>\n\n\n\n<li>take part in prevention initiatives.<\/li>\n<\/ul>\n\n\n\n<p class=\"has-text-align-center\"><a href=\"https:\/\/survivant-e-s.lu\/a-propos\/\" data-type=\"page\" data-id=\"96\"><strong>Find out more<\/strong><\/a><\/p>\n\n\n\n<h4 class=\"wp-block-heading\">NEWS<\/h4>\n\n\n<ul class=\"wp-block-latest-posts__list has-dates has-author wp-block-latest-posts\"><li><div class=\"wp-block-latest-posts__featured-image\"><img loading=\"lazy\" decoding=\"async\" width=\"300\" height=\"200\" src=\"https:\/\/survivant-e-s.lu\/wp-content\/uploads\/2025\/07\/54628224186_8dadf76f63_k-300x200.jpg\" class=\"attachment-medium size-medium wp-post-image\" alt=\"\" style=\"\" srcset=\"https:\/\/survivant-e-s.lu\/wp-content\/uploads\/2025\/07\/54628224186_8dadf76f63_k-300x200.jpg 300w, https:\/\/survivant-e-s.lu\/wp-content\/uploads\/2025\/07\/54628224186_8dadf76f63_k-1024x683.jpg 1024w, https:\/\/survivant-e-s.lu\/wp-content\/uploads\/2025\/07\/54628224186_8dadf76f63_k-2000x1333.jpg 2000w, https:\/\/survivant-e-s.lu\/wp-content\/uploads\/2025\/07\/54628224186_8dadf76f63_k.jpg 2048w\" sizes=\"auto, 100vw\" \/><\/div><a class=\"wp-block-latest-posts__post-title\" href=\"https:\/\/survivant-e-s.lu\/en\/2026\/04\/29\/pour-la-creation-dune-commission-nationale-independante-sur-les-violences-a-legard-des-enfants\/\">Pour la cr\u00e9ation d\u2019une Commission nationale ind\u00e9pendante sur les violences \u00e0 l\u2019\u00e9gard des enfants<\/a><div class=\"wp-block-latest-posts__post-author\">by LVDS<\/div><time datetime=\"%2\" class=\"wp-block-latest-posts__post-date\">Wednesday April 29th, 2026<\/time><div class=\"wp-block-latest-posts__post-excerpt\">Sorry, this entry is only available in Fran\u00e7ais : &nbsp;&nbsp;&nbsp;&nbsp;&nbsp;&nbsp;&nbsp;&nbsp;&nbsp;&nbsp;&nbsp;&nbsp;&nbsp;&nbsp;&nbsp;&nbsp;&nbsp;&nbsp;&nbsp;&nbsp;&nbsp;&nbsp;&nbsp;&nbsp;&nbsp;&nbsp;&nbsp;&nbsp;&nbsp;&nbsp;&nbsp;&nbsp;&nbsp;&nbsp;&nbsp;&nbsp;&nbsp;&nbsp;&nbsp;&nbsp;&nbsp;&nbsp;&nbsp;&nbsp;&nbsp;&nbsp;&nbsp;&nbsp;&nbsp;&nbsp;&nbsp;&nbsp;&nbsp;&nbsp;&nbsp;&nbsp;&nbsp;&nbsp;&nbsp;&nbsp;&nbsp;&nbsp;&nbsp;&nbsp;&nbsp;&nbsp;&nbsp; Les associations \u00abLa Voix des Survivant(e)s\u00bb et \u00abInnocence en Danger Luxembourg\u00bb saluent conjointement la motion n\u00b0 4779 d\u00e9pos\u00e9e par le d\u00e9put\u00e9 Dan Biancalana (LSAP) le &hellip; <p class=\"link-more\"><a href=\"https:\/\/survivant-e-s.lu\/en\/2026\/04\/29\/pour-la-creation-dune-commission-nationale-independante-sur-les-violences-a-legard-des-enfants\/\" class=\"more-link\">Read more<span class=\"screen-reader-text\"> &#8220;Pour la cr\u00e9ation d\u2019une Commission nationale ind\u00e9pendante sur les violences \u00e0 l\u2019\u00e9gard des enfants&#8221;<\/span><\/a><\/p><\/div><\/li>\n<li><div class=\"wp-block-latest-posts__featured-image\"><img loading=\"lazy\" decoding=\"async\" width=\"300\" height=\"168\" src=\"https:\/\/survivant-e-s.lu\/wp-content\/uploads\/2026\/04\/IMG_6403-300x168.jpeg\" class=\"attachment-medium size-medium wp-post-image\" alt=\"\" style=\"\" srcset=\"https:\/\/survivant-e-s.lu\/wp-content\/uploads\/2026\/04\/IMG_6403-300x168.jpeg 300w, https:\/\/survivant-e-s.lu\/wp-content\/uploads\/2026\/04\/IMG_6403-1024x575.jpeg 1024w, https:\/\/survivant-e-s.lu\/wp-content\/uploads\/2026\/04\/IMG_6403-2000x1123.jpeg 2000w\" sizes=\"auto, 100vw\" \/><\/div><a class=\"wp-block-latest-posts__post-title\" href=\"https:\/\/survivant-e-s.lu\/en\/2026\/04\/27\/assemblee-generale-2026-on-croit-en-vous-continuez\/\">Assembl\u00e9e g\u00e9n\u00e9rale\u00a02026 : \u00ab\u00a0On croit en vous, continuez\u00a0!\u00bb<\/a><div class=\"wp-block-latest-posts__post-author\">by LVDS<\/div><time datetime=\"%2\" class=\"wp-block-latest-posts__post-date\">Monday April 27th, 2026<\/time><div class=\"wp-block-latest-posts__post-excerpt\">Sorry, this entry is only available in Fran\u00e7ais : L\u2019association La Voix des Survivant(e)s s\u2019est r\u00e9unie le 23 avril \u00e0 Mersch \u00e0 l\u2019occasion de son assembl\u00e9e g\u00e9n\u00e9rale ordinaire pour pr\u00e9senter le rapport d\u2019activit\u00e9s d\u2019une ann\u00e9e &hellip; <p class=\"link-more\"><a href=\"https:\/\/survivant-e-s.lu\/en\/2026\/04\/27\/assemblee-generale-2026-on-croit-en-vous-continuez\/\" class=\"more-link\">Read more<span class=\"screen-reader-text\"> &#8220;Assembl\u00e9e g\u00e9n\u00e9rale\u00a02026 : \u00ab\u00a0On croit en vous, continuez\u00a0!\u00bb&#8221;<\/span><\/a><\/p><\/div><\/li>\n<li><div class=\"wp-block-latest-posts__featured-image\"><img loading=\"lazy\" decoding=\"async\" width=\"300\" height=\"168\" src=\"https:\/\/survivant-e-s.lu\/wp-content\/uploads\/2025\/04\/AG-2025_comite-300x168.jpg\" class=\"attachment-medium size-medium wp-post-image\" alt=\"\" style=\"\" srcset=\"https:\/\/survivant-e-s.lu\/wp-content\/uploads\/2025\/04\/AG-2025_comite-300x168.jpg 300w, https:\/\/survivant-e-s.lu\/wp-content\/uploads\/2025\/04\/AG-2025_comite-1024x575.jpg 1024w, https:\/\/survivant-e-s.lu\/wp-content\/uploads\/2025\/04\/AG-2025_comite-2000x1123.jpg 2000w\" sizes=\"auto, 100vw\" \/><\/div><a class=\"wp-block-latest-posts__post-title\" href=\"https:\/\/survivant-e-s.lu\/en\/2026\/03\/26\/invitation-a-lassemblee-generale-de-lvds\/\">Invitation \u00e0 l&#8217;assembl\u00e9e g\u00e9n\u00e9rale de LVDS<\/a><div class=\"wp-block-latest-posts__post-author\">by LVDS<\/div><time datetime=\"%2\" class=\"wp-block-latest-posts__post-date\">Thursday March 26th, 2026<\/time><div class=\"wp-block-latest-posts__post-excerpt\">Sorry, this entry is only available in Fran\u00e7ais : La Voix des Survivant(e)s asbl a le plaisir de vous inviter \u00e0 son Assembl\u00e9e g\u00e9n\u00e9rale ordinaire le jeudi 23 avril 2026 \u00e0 18.30 heures au restaurant &hellip; <p class=\"link-more\"><a href=\"https:\/\/survivant-e-s.lu\/en\/2026\/03\/26\/invitation-a-lassemblee-generale-de-lvds\/\" class=\"more-link\">Read more<span class=\"screen-reader-text\"> &#8220;Invitation \u00e0 l&#8217;assembl\u00e9e g\u00e9n\u00e9rale de LVDS&#8221;<\/span><\/a><\/p><\/div><\/li>\n<li><div class=\"wp-block-latest-posts__featured-image\"><img loading=\"lazy\" decoding=\"async\" width=\"293\" height=\"300\" src=\"https:\/\/survivant-e-s.lu\/wp-content\/uploads\/2026\/02\/image-e1770657970824-293x300.png\" class=\"attachment-medium size-medium wp-post-image\" alt=\"\" style=\"\" srcset=\"https:\/\/survivant-e-s.lu\/wp-content\/uploads\/2026\/02\/image-e1770657970824-293x300.png 293w, https:\/\/survivant-e-s.lu\/wp-content\/uploads\/2026\/02\/image-e1770657970824-768x786.png 768w, https:\/\/survivant-e-s.lu\/wp-content\/uploads\/2026\/02\/image-e1770657970824.png 960w\" sizes=\"auto, 100vw\" \/><\/div><a class=\"wp-block-latest-posts__post-title\" href=\"https:\/\/survivant-e-s.lu\/en\/2026\/02\/09\/des-roses-pour-faire-entendre-la-voix-des-survivantes\/\">Des roses pour faire entendre La Voix des Survivant(e)s<\/a><div class=\"wp-block-latest-posts__post-author\">by LVDS<\/div><time datetime=\"%2\" class=\"wp-block-latest-posts__post-date\">Monday February  9th, 2026<\/time><div class=\"wp-block-latest-posts__post-excerpt\">Sorry, this entry is only available in Fran\u00e7ais : Le Rotary Club Luxembourg-Schuman se mobilise au profit de notre association avec son initiative solidaire Action Roses ! Cette ann\u00e9e, les fonds r\u00e9colt\u00e9s financeront l\u2019\u00e9dition d\u2019une &hellip; <p class=\"link-more\"><a href=\"https:\/\/survivant-e-s.lu\/en\/2026\/02\/09\/des-roses-pour-faire-entendre-la-voix-des-survivantes\/\" class=\"more-link\">Read more<span class=\"screen-reader-text\"> &#8220;Des roses pour faire entendre La Voix des Survivant(e)s&#8221;<\/span><\/a><\/p><\/div><\/li>\n<li><div class=\"wp-block-latest-posts__featured-image\"><img loading=\"lazy\" decoding=\"async\" width=\"300\" height=\"200\" src=\"https:\/\/survivant-e-s.lu\/wp-content\/uploads\/2025\/11\/ChristelPetitcollin-portrait-largeur-300x200.jpg\" class=\"attachment-medium size-medium wp-post-image\" alt=\"\" style=\"\" srcset=\"https:\/\/survivant-e-s.lu\/wp-content\/uploads\/2025\/11\/ChristelPetitcollin-portrait-largeur-300x200.jpg 300w, https:\/\/survivant-e-s.lu\/wp-content\/uploads\/2025\/11\/ChristelPetitcollin-portrait-largeur-1024x683.jpg 1024w, https:\/\/survivant-e-s.lu\/wp-content\/uploads\/2025\/11\/ChristelPetitcollin-portrait-largeur.jpg 1920w\" sizes=\"auto, 100vw\" \/><\/div><a class=\"wp-block-latest-posts__post-title\" href=\"https:\/\/survivant-e-s.lu\/en\/2025\/11\/12\/lvds-se-mobilise-pendant-lorange-week-2025\/\">LVDS se mobilise pendant l&#8217;ORANGE WEEK 2025<\/a><div class=\"wp-block-latest-posts__post-author\">by LVDS<\/div><time datetime=\"%2\" class=\"wp-block-latest-posts__post-date\">Wednesday November 12th, 2025<\/time><div class=\"wp-block-latest-posts__post-excerpt\">Sorry, this entry is only available in Fran\u00e7ais : A c\u00f4t\u00e9 de la grande Marche Orange de solidarit\u00e9 pour les victimes de violence, le samedi 22 novembre, l&#8217;association La Voix des Survivant(e)s vous propose de &hellip; <p class=\"link-more\"><a href=\"https:\/\/survivant-e-s.lu\/en\/2025\/11\/12\/lvds-se-mobilise-pendant-lorange-week-2025\/\" class=\"more-link\">Read more<span class=\"screen-reader-text\"> &#8220;LVDS se mobilise pendant l&#8217;ORANGE WEEK 2025&#8221;<\/span><\/a><\/p><\/div><\/li>\n<\/ul>\n\n\n<p class=\"has-text-align-center\"><a href=\"https:\/\/survivant-e-s.lu\/cat\/communiques\/\"><strong>View all releases<\/strong><\/a><\/p>\n\n\n\n<h4 class=\"wp-block-heading\">EVENTS<\/h4>\n\n\n\n\n\t<ul  class=\"eo-events eo-events-shortcode\" > \n\n\t\t\n\t\t\t\n\t\t\t<li class=\"eo-event-future eo-multi-day eo-all-day\" >\n\t\t\t    <a class=\"eo-lvds-list-anchor\" href=\"https:\/\/survivant-e-s.lu\/en\/events\/event\/brisons-le-silence-a-la-gare-de-luxembourg\/\">\n    \t\t\t        \t\t\t\t<span class=\"eo-lvds-list-text\">\n    \t\t\t\t    <span class=\"eo-lvds-list-title\">BRISONS LE SILENCE \u00e0 la gare de Luxembourg<\/span> 1 May 2026\t\t\t        <\/span>\n\t\t\t    <\/a>\n\t\t\t<\/li>\n\n\t\t\n\t<\/ul>\n\n\n\n\n\n<p class=\"has-text-align-center\"><a href=\"https:\/\/survivant-e-s.lu\/agenda\/\"><strong>View all the events<\/strong><\/a><\/p>\n\n\n\n<h4 class=\"wp-block-heading\">PRESS REVIEW<\/h4>\n\n\n\n<p class=\"has-text-align-center\"><a href=\"https:\/\/survivant-e-s.lu\/francais-revue-de-presse\/\" data-type=\"page\" data-id=\"440\"><strong>View the press review<\/strong><\/a><\/p>","protected":false},"excerpt":{"rendered":"<p>WHO ARE WE? The association was created in August 2022. It brings together survivors of sexual, gender-based, physical or psychological violence, as well as sympathetic members who support our cause. OUR ASSOCIATION IS WORKING TO: Find out more NEWS View all releases EVENTS View all the events PRESS REVIEW View the press review<\/p>\n","protected":false},"author":1,"featured_media":281,"parent":0,"menu_order":0,"comment_status":"closed","ping_status":"closed","template":"","meta":{"_exactmetrics_skip_tracking":false,"_exactmetrics_sitenote_active":false,"_exactmetrics_sitenote_note":"","_exactmetrics_sitenote_category":0,"inspiro_hide_title":false,"footnotes":""},"class_list":["post-7","page","type-page","status-publish","has-post-thumbnail","hentry"],"_links":{"self":[{"href":"https:\/\/survivant-e-s.lu\/en\/wp-json\/wp\/v2\/pages\/7","targetHints":{"allow":["GET"]}}],"collection":[{"href":"https:\/\/survivant-e-s.lu\/en\/wp-json\/wp\/v2\/pages"}],"about":[{"href":"https:\/\/survivant-e-s.lu\/en\/wp-json\/wp\/v2\/types\/page"}],"author":[{"embeddable":true,"href":"https:\/\/survivant-e-s.lu\/en\/wp-json\/wp\/v2\/users\/1"}],"replies":[{"embeddable":true,"href":"https:\/\/survivant-e-s.lu\/en\/wp-json\/wp\/v2\/comments?post=7"}],"version-history":[{"count":68,"href":"https:\/\/survivant-e-s.lu\/en\/wp-json\/wp\/v2\/pages\/7\/revisions"}],"predecessor-version":[{"id":1869,"href":"https:\/\/survivant-e-s.lu\/en\/wp-json\/wp\/v2\/pages\/7\/revisions\/1869"}],"wp:featuredmedia":[{"embeddable":true,"href":"https:\/\/survivant-e-s.lu\/en\/wp-json\/wp\/v2\/media\/281"}],"wp:attachment":[{"href":"https:\/\/survivant-e-s.lu\/en\/wp-json\/wp\/v2\/media?parent=7"}],"curies":[{"name":"wp","href":"https:\/\/api.w.org\/{rel}","templated":true}]}}